{"id":21122,"date":"2025-10-08T14:07:35","date_gmt":"2025-10-08T12:07:35","guid":{"rendered":"https:\/\/www.automobilia-atelier.de\/?post_type=product&#038;p=21122"},"modified":"2026-03-28T14:28:16","modified_gmt":"2026-03-28T13:28:16","slug":"moyeu-de-volant-raid-k-23-bmw-e12-e21-e23-kopie-2","status":"publish","type":"product","link":"https:\/\/www.automobilia-atelier.de\/fr\/produkt\/moyeu-de-volant-raid-k-23-bmw-e12-e21-e23-kopie-2\/","title":{"rendered":"Moyeu de volant RAID (M 237) VW Golf \/ Corrado \/ Jetta \/ Passat \/ Scirocco \/ Polo"},"content":{"rendered":"<p><strong>MOYEUX IDENTIQUES EN STOCK \u2013 L&rsquo;\u00c9TAT DES MARCHANDISES LIVR\u00c9ES PEUT VARIER L\u00c9G\u00c8REMENT PAR RAPPORT AUX PHOTOS<\/strong><\/p>\n<p><strong>Fabricant :<\/strong> RAID<br \/>\n<strong>\u00c9tat :<\/strong> voir photos d\u00e9taill\u00e9es<br \/>\n<strong>Montage :<\/strong> moyeu n\u00b0 M237<\/p>\n<ul>\n<li>Seat Ibiza 6K<\/li>\n<li>Si\u00e8ge Cordoba<\/li>\n<li>VW Corrado \u2013 53i \u2013 \u00e0 partir du ch\u00e2ssis n\u00b0 50-K-003001 (\u00e0 partir de l&rsquo;ann\u00e9e mod\u00e8le 1989)<\/li>\n<li>VW Golf 1 + Cabriolet \u2013 155, \u00e0 partir du ch\u00e2ssis n\u00b0 15K-009651 (\u00e0 partir de l&rsquo;ann\u00e9e mod\u00e8le 89)<\/li>\n<li>VW Caddy + Pickup \u2013 14D<\/li>\n<li>VW Golf 2 \/ Jetta 2 \u2013 19E, G60, \u00e0 partir du ch\u00e2ssis n\u00b0 1GKW272001 1GKB055693 (\u00e0 partir de l&rsquo;ann\u00e9e 89)<\/li>\n<li>VW Golf 2 Syncro \/ Rallye \/ Country \u2013 \u00e0 partir du ch\u00e2ssis n\u00b0 1GKW272001, 1GKB055693 (\u00e0 partir de l&rsquo;ann\u00e9e 89)<\/li>\n<li>VW Jetta 2 Syncro \u2013 19E-299, \u00e0 partir du ch\u00e2ssis n\u00b0 1GKW272001, 1GKB055693 (\u00e0 partir de l&rsquo;ann\u00e9e 89)<\/li>\n<li>VW Golf 3 Variant \/ Cabrio \/ Vento \u2013 1EXO, 1HX1, 1HXO, 1HXOF, HXOE avec ou sans colonne de direction r\u00e9glable en angle<\/li>\n<li>VW Passat \u2013 35i, 35i-299, \u00e0 partir du ch\u00e2ssis n\u00b0 31-K-089316 sans colonne de direction \u00e0 angle r\u00e9glable (\u00e0 partir de l&rsquo;ann\u00e9e mod\u00e8le 1989)<\/li>\n<li>VW Polo \/ Polo Coup\u00e9 \/ Polo Hatchback \/ Derby \u2013 86C, \u00e0 partir du num\u00e9ro de ch\u00e2ssis 80K-000001 (\u00e0 partir de 8\/90)<\/li>\n<li>VW Polo \u2013 6N<\/li>\n<li>VW Scirocco \u2013 53B, \u00e0 partir du ch\u00e2ssis n\u00b0 53K-020790 (\u00e0 partir de l&rsquo;ann\u00e9e 89)<\/li>\n<\/ul>\n<p><b>Remarque :<\/b> cet article ne peut \u00eatre install\u00e9 que par du personnel qualifi\u00e9.<\/p>\n","protected":false},"excerpt":{"rendered":"<p>MOYEUX IDENTIQUES EN STOCK \u2013 L&rsquo;\u00c9TAT DES MARCHANDISES LIVR\u00c9ES PEUT VARIER L\u00c9G\u00c8REMENT PAR RAPPORT AUX PHOTOS Fabricant : RAID \u00c9tat : voir photos d\u00e9taill\u00e9es Montage : moyeu n\u00b0 M237 Seat Ibiza 6K Si\u00e8ge Cordoba VW Corrado \u2013 53i \u2013 \u00e0 partir du ch\u00e2ssis n\u00b0 50-K-003001 (\u00e0 partir de l&rsquo;ann\u00e9e mod\u00e8le 1989) VW Golf 1 + &hellip; <a href=\"https:\/\/www.automobilia-atelier.de\/fr\/produkt\/moyeu-de-volant-raid-k-23-bmw-e12-e21-e23-kopie-2\/\" class=\"more-link\">Continuer \u00e0 lire <span class=\"screen-reader-text\">Moyeu de volant RAID (M 237) VW Golf \/ Corrado \/ Jetta \/ Passat \/ Scirocco \/ Polo<\/span> <span class=\"meta-nav\">\u2192<\/span><\/a><\/p>\n","protected":false},"featured_media":21125,"template":"","meta":{"inline_featured_image":false,"_monsterinsights_skip_tracking":false,"_monsterinsights_sitenote_active":false,"_monsterinsights_sitenote_note":"","_monsterinsights_sitenote_category":0},"product_brand":[],"product_cat":[252,236,270],"product_tag":[],"class_list":{"0":"post-21122","1":"product","2":"type-product","3":"status-publish","4":"has-post-thumbnail","6":"product_cat-moyeux-de-volant","7":"product_cat-pieces-de-vehicules-classiques","8":"product_cat-raid-fr-2","10":"first","11":"outofstock","12":"sold-individually","13":"product-type-simple"},"yoast_head":"<!-- This site is optimized with the Yoast SEO plugin v24.7 - https:\/\/yoast.com\/wordpress\/plugins\/seo\/ -->\n<title>Moyeu de volant RAID (M 237) VW Golf \/ Corrado \/ Jetta \/ Passat \/ Scirocco \/ Polo -<\/title>\n<meta name=\"robots\" content=\"index, follow, max-snippet:-1, max-image-preview:large, max-video-preview:-1\" \/>\n<link rel=\"canonical\" href=\"https:\/\/www.automobilia-atelier.de\/fr\/produkt\/moyeu-de-volant-raid-k-23-bmw-e12-e21-e23-kopie-2\/\" \/>\n<meta property=\"og:locale\" content=\"fr_FR\" \/>\n<meta property=\"og:type\" content=\"article\" \/>\n<meta property=\"og:title\" content=\"Moyeu de volant RAID (M 237) VW Golf \/ Corrado \/ Jetta \/ Passat \/ Scirocco \/ Polo -\" \/>\n<meta property=\"og:description\" content=\"MOYEUX IDENTIQUES EN STOCK \u2013 L&rsquo;\u00c9TAT DES MARCHANDISES LIVR\u00c9ES PEUT VARIER L\u00c9G\u00c8REMENT PAR RAPPORT AUX PHOTOS Fabricant : RAID \u00c9tat : voir photos d\u00e9taill\u00e9es Montage : moyeu n\u00b0 M237 Seat Ibiza 6K Si\u00e8ge Cordoba VW Corrado \u2013 53i \u2013 \u00e0 partir du ch\u00e2ssis n\u00b0 50-K-003001 (\u00e0 partir de l&rsquo;ann\u00e9e mod\u00e8le 1989) VW Golf 1 + &hellip; Continuer \u00e0 lire Moyeu de volant RAID (M 237) VW Golf \/ Corrado \/ Jetta \/ Passat \/ Scirocco \/ Polo \u2192\" \/>\n<meta property=\"og:url\" content=\"https:\/\/www.automobilia-atelier.de\/fr\/produkt\/moyeu-de-volant-raid-k-23-bmw-e12-e21-e23-kopie-2\/\" \/>\n<meta property=\"article:modified_time\" content=\"2026-03-28T13:28:16+00:00\" \/>\n<meta property=\"og:image\" content=\"https:\/\/www.automobilia-atelier.de\/wp-content\/uploads\/2025\/10\/DSC9729-scaled.jpg\" \/>\n\t<meta property=\"og:image:width\" content=\"2400\" \/>\n\t<meta property=\"og:image:height\" content=\"1600\" \/>\n\t<meta property=\"og:image:type\" content=\"image\/jpeg\" \/>\n<meta name=\"twitter:card\" content=\"summary_large_image\" \/>\n<meta name=\"twitter:label1\" content=\"Dur\u00e9e de lecture estim\u00e9e\" \/>\n\t<meta name=\"twitter:data1\" content=\"1 minute\" \/>\n<script type=\"application\/ld+json\" class=\"yoast-schema-graph\">{\"@context\":\"https:\/\/schema.org\",\"@graph\":[{\"@type\":\"WebPage\",\"@id\":\"https:\/\/www.automobilia-atelier.de\/fr\/produkt\/moyeu-de-volant-raid-k-23-bmw-e12-e21-e23-kopie-2\/\",\"url\":\"https:\/\/www.automobilia-atelier.de\/fr\/produkt\/moyeu-de-volant-raid-k-23-bmw-e12-e21-e23-kopie-2\/\",\"name\":\"Moyeu de volant RAID (M 237) VW Golf \/ Corrado \/ Jetta \/ Passat \/ Scirocco \/ Polo -\",\"isPartOf\":{\"@id\":\"https:\/\/www.automobilia-atelier.de\/fr\/#website\"},\"primaryImageOfPage\":{\"@id\":\"https:\/\/www.automobilia-atelier.de\/fr\/produkt\/moyeu-de-volant-raid-k-23-bmw-e12-e21-e23-kopie-2\/#primaryimage\"},\"image\":{\"@id\":\"https:\/\/www.automobilia-atelier.de\/fr\/produkt\/moyeu-de-volant-raid-k-23-bmw-e12-e21-e23-kopie-2\/#primaryimage\"},\"thumbnailUrl\":\"https:\/\/www.automobilia-atelier.de\/wp-content\/uploads\/2025\/10\/DSC9729-scaled.jpg\",\"datePublished\":\"2025-10-08T12:07:35+00:00\",\"dateModified\":\"2026-03-28T13:28:16+00:00\",\"breadcrumb\":{\"@id\":\"https:\/\/www.automobilia-atelier.de\/fr\/produkt\/moyeu-de-volant-raid-k-23-bmw-e12-e21-e23-kopie-2\/#breadcrumb\"},\"inLanguage\":\"fr-FR\",\"potentialAction\":[{\"@type\":\"ReadAction\",\"target\":[\"https:\/\/www.automobilia-atelier.de\/fr\/produkt\/moyeu-de-volant-raid-k-23-bmw-e12-e21-e23-kopie-2\/\"]}]},{\"@type\":\"ImageObject\",\"inLanguage\":\"fr-FR\",\"@id\":\"https:\/\/www.automobilia-atelier.de\/fr\/produkt\/moyeu-de-volant-raid-k-23-bmw-e12-e21-e23-kopie-2\/#primaryimage\",\"url\":\"https:\/\/www.automobilia-atelier.de\/wp-content\/uploads\/2025\/10\/DSC9729-scaled.jpg\",\"contentUrl\":\"https:\/\/www.automobilia-atelier.de\/wp-content\/uploads\/2025\/10\/DSC9729-scaled.jpg\",\"width\":2400,\"height\":1600},{\"@type\":\"BreadcrumbList\",\"@id\":\"https:\/\/www.automobilia-atelier.de\/fr\/produkt\/moyeu-de-volant-raid-k-23-bmw-e12-e21-e23-kopie-2\/#breadcrumb\",\"itemListElement\":[{\"@type\":\"ListItem\",\"position\":1,\"name\":\"Startseite\",\"item\":\"https:\/\/www.automobilia-atelier.de\/fr\/\"},{\"@type\":\"ListItem\",\"position\":2,\"name\":\"Produits\",\"item\":\"https:\/\/www.automobilia-atelier.de\/fr\/shop\/\"},{\"@type\":\"ListItem\",\"position\":3,\"name\":\"Moyeu de volant RAID (M 237) VW Golf \/ Corrado \/ Jetta \/ Passat \/ Scirocco \/ Polo\"}]},{\"@type\":\"WebSite\",\"@id\":\"https:\/\/www.automobilia-atelier.de\/fr\/#website\",\"url\":\"https:\/\/www.automobilia-atelier.de\/fr\/\",\"name\":\"\",\"description\":\"\",\"potentialAction\":[{\"@type\":\"SearchAction\",\"target\":{\"@type\":\"EntryPoint\",\"urlTemplate\":\"https:\/\/www.automobilia-atelier.de\/fr\/?s={search_term_string}\"},\"query-input\":{\"@type\":\"PropertyValueSpecification\",\"valueRequired\":true,\"valueName\":\"search_term_string\"}}],\"inLanguage\":\"fr-FR\"}]}<\/script>\n<!-- \/ Yoast SEO plugin. -->","yoast_head_json":{"title":"Moyeu de volant RAID (M 237) VW Golf \/ Corrado \/ Jetta \/ Passat \/ Scirocco \/ Polo -","robots":{"index":"index","follow":"follow","max-snippet":"max-snippet:-1","max-image-preview":"max-image-preview:large","max-video-preview":"max-video-preview:-1"},"canonical":"https:\/\/www.automobilia-atelier.de\/fr\/produkt\/moyeu-de-volant-raid-k-23-bmw-e12-e21-e23-kopie-2\/","og_locale":"fr_FR","og_type":"article","og_title":"Moyeu de volant RAID (M 237) VW Golf \/ Corrado \/ Jetta \/ Passat \/ Scirocco \/ Polo -","og_description":"MOYEUX IDENTIQUES EN STOCK \u2013 L&rsquo;\u00c9TAT DES MARCHANDISES LIVR\u00c9ES PEUT VARIER L\u00c9G\u00c8REMENT PAR RAPPORT AUX PHOTOS Fabricant : RAID \u00c9tat : voir photos d\u00e9taill\u00e9es Montage : moyeu n\u00b0 M237 Seat Ibiza 6K Si\u00e8ge Cordoba VW Corrado \u2013 53i \u2013 \u00e0 partir du ch\u00e2ssis n\u00b0 50-K-003001 (\u00e0 partir de l&rsquo;ann\u00e9e mod\u00e8le 1989) VW Golf 1 + &hellip; Continuer \u00e0 lire Moyeu de volant RAID (M 237) VW Golf \/ Corrado \/ Jetta \/ Passat \/ Scirocco \/ Polo \u2192","og_url":"https:\/\/www.automobilia-atelier.de\/fr\/produkt\/moyeu-de-volant-raid-k-23-bmw-e12-e21-e23-kopie-2\/","article_modified_time":"2026-03-28T13:28:16+00:00","og_image":[{"width":2400,"height":1600,"url":"https:\/\/www.automobilia-atelier.de\/wp-content\/uploads\/2025\/10\/DSC9729-scaled.jpg","type":"image\/jpeg"}],"twitter_card":"summary_large_image","twitter_misc":{"Dur\u00e9e de lecture estim\u00e9e":"1 minute"},"schema":{"@context":"https:\/\/schema.org","@graph":[{"@type":"WebPage","@id":"https:\/\/www.automobilia-atelier.de\/fr\/produkt\/moyeu-de-volant-raid-k-23-bmw-e12-e21-e23-kopie-2\/","url":"https:\/\/www.automobilia-atelier.de\/fr\/produkt\/moyeu-de-volant-raid-k-23-bmw-e12-e21-e23-kopie-2\/","name":"Moyeu de volant RAID (M 237) VW Golf \/ Corrado \/ Jetta \/ Passat \/ Scirocco \/ Polo -","isPartOf":{"@id":"https:\/\/www.automobilia-atelier.de\/fr\/#website"},"primaryImageOfPage":{"@id":"https:\/\/www.automobilia-atelier.de\/fr\/produkt\/moyeu-de-volant-raid-k-23-bmw-e12-e21-e23-kopie-2\/#primaryimage"},"image":{"@id":"https:\/\/www.automobilia-atelier.de\/fr\/produkt\/moyeu-de-volant-raid-k-23-bmw-e12-e21-e23-kopie-2\/#primaryimage"},"thumbnailUrl":"https:\/\/www.automobilia-atelier.de\/wp-content\/uploads\/2025\/10\/DSC9729-scaled.jpg","datePublished":"2025-10-08T12:07:35+00:00","dateModified":"2026-03-28T13:28:16+00:00","breadcrumb":{"@id":"https:\/\/www.automobilia-atelier.de\/fr\/produkt\/moyeu-de-volant-raid-k-23-bmw-e12-e21-e23-kopie-2\/#breadcrumb"},"inLanguage":"fr-FR","potentialAction":[{"@type":"ReadAction","target":["https:\/\/www.automobilia-atelier.de\/fr\/produkt\/moyeu-de-volant-raid-k-23-bmw-e12-e21-e23-kopie-2\/"]}]},{"@type":"ImageObject","inLanguage":"fr-FR","@id":"https:\/\/www.automobilia-atelier.de\/fr\/produkt\/moyeu-de-volant-raid-k-23-bmw-e12-e21-e23-kopie-2\/#primaryimage","url":"https:\/\/www.automobilia-atelier.de\/wp-content\/uploads\/2025\/10\/DSC9729-scaled.jpg","contentUrl":"https:\/\/www.automobilia-atelier.de\/wp-content\/uploads\/2025\/10\/DSC9729-scaled.jpg","width":2400,"height":1600},{"@type":"BreadcrumbList","@id":"https:\/\/www.automobilia-atelier.de\/fr\/produkt\/moyeu-de-volant-raid-k-23-bmw-e12-e21-e23-kopie-2\/#breadcrumb","itemListElement":[{"@type":"ListItem","position":1,"name":"Startseite","item":"https:\/\/www.automobilia-atelier.de\/fr\/"},{"@type":"ListItem","position":2,"name":"Produits","item":"https:\/\/www.automobilia-atelier.de\/fr\/shop\/"},{"@type":"ListItem","position":3,"name":"Moyeu de volant RAID (M 237) VW Golf \/ Corrado \/ Jetta \/ Passat \/ Scirocco \/ Polo"}]},{"@type":"WebSite","@id":"https:\/\/www.automobilia-atelier.de\/fr\/#website","url":"https:\/\/www.automobilia-atelier.de\/fr\/","name":"","description":"","potentialAction":[{"@type":"SearchAction","target":{"@type":"EntryPoint","urlTemplate":"https:\/\/www.automobilia-atelier.de\/fr\/?s={search_term_string}"},"query-input":{"@type":"PropertyValueSpecification","valueRequired":true,"valueName":"search_term_string"}}],"inLanguage":"fr-FR"}]}},"jetpack_sharing_enabled":true,"_links":{"self":[{"href":"https:\/\/www.automobilia-atelier.de\/fr\/wp-json\/wp\/v2\/product\/21122","targetHints":{"allow":["GET"]}}],"collection":[{"href":"https:\/\/www.automobilia-atelier.de\/fr\/wp-json\/wp\/v2\/product"}],"about":[{"href":"https:\/\/www.automobilia-atelier.de\/fr\/wp-json\/wp\/v2\/types\/product"}],"wp:featuredmedia":[{"embeddable":true,"href":"https:\/\/www.automobilia-atelier.de\/fr\/wp-json\/wp\/v2\/media\/21125"}],"wp:attachment":[{"href":"https:\/\/www.automobilia-atelier.de\/fr\/wp-json\/wp\/v2\/media?parent=21122"}],"wp:term":[{"taxonomy":"product_brand","embeddable":true,"href":"https:\/\/www.automobilia-atelier.de\/fr\/wp-json\/wp\/v2\/product_brand?post=21122"},{"taxonomy":"product_cat","embeddable":true,"href":"https:\/\/www.automobilia-atelier.de\/fr\/wp-json\/wp\/v2\/product_cat?post=21122"},{"taxonomy":"product_tag","embeddable":true,"href":"https:\/\/www.automobilia-atelier.de\/fr\/wp-json\/wp\/v2\/product_tag?post=21122"}],"curies":[{"name":"wp","href":"https:\/\/api.w.org\/{rel}","templated":true}]}}